{"id":4762,"date":"2023-02-23T13:33:49","date_gmt":"2023-02-23T12:33:49","guid":{"rendered":"http:\/\/blog.cgcpresse.fr\/?page_id=4762"},"modified":"2023-02-23T16:07:03","modified_gmt":"2023-02-23T15:07:03","slug":"5e-journee-la-cfe-cgc-et-lintersyndicale-maintiennent-la-pression","status":"publish","type":"page","link":"https:\/\/blog.cgcpresse.fr\/?page_id=4762","title":{"rendered":"5e journ\u00e9e &#8211; La CFE-CGC et l&rsquo;Intersyndicale maintiennent la pression"},"content":{"rendered":"<h2 style=\"text-align: center;\"><span style=\"color: #1b499b;\"><strong><span style=\"color: #ec519b;\">La CFE-CGC et l\u2019intersyndicale<a href=\"https:\/\/blog.cgcpresse.fr\/wp-content\/uploads\/2023\/02\/Image2.png\"><img loading=\"lazy\" decoding=\"async\" class=\"size-full wp-image-4764 alignright\" src=\"https:\/\/blog.cgcpresse.fr\/wp-content\/uploads\/2023\/02\/Image2.png\" alt=\"\" width=\"382\" height=\"263\" srcset=\"https:\/\/blog.cgcpresse.fr\/wp-content\/uploads\/2023\/02\/Image2.png 382w, https:\/\/blog.cgcpresse.fr\/wp-content\/uploads\/2023\/02\/Image2-300x207.png 300w, https:\/\/blog.cgcpresse.fr\/wp-content\/uploads\/2023\/02\/Image2-150x103.png 150w\" sizes=\"auto, (max-width: 382px) 100vw, 382px\" \/><\/a><br \/>\n<\/span><\/strong><\/span><span style=\"color: #1b499b;\"><strong><span style=\"color: #ec519b;\"> maintiennent la pression<\/span><\/strong><\/span><\/h2>\n<p><span style=\"color: #1b499b;\">Organis\u00e9e le 16 f\u00e9vrier, avec notamment la marche symbolique des leaders syndicaux \u00e0 Albi, la 5e journ\u00e9e de mobilisation contre le projet gouvernemental a encore \u00e9t\u00e9 largement soutenue par les structures CFE-CGC. La pression est sur l\u2019ex\u00e9cutif avant le 7 mars.<\/span><\/p>\n<p><span style=\"color: #1b499b;\">L\u2019espace d\u2019un jour, Albi s\u2019est mu\u00e9e, jeudi 16 f\u00e9vrier sous un magnifique soleil quasi-printanier, en capitale de la contestation contre le projet de r\u00e9forme des retraites. C\u2019est en effet dans la pr\u00e9fecture du Tarn que les leaders syndicaux ont choisi, <span style=\"color: #00b0f0;\"><a style=\"color: #00b0f0;\" href=\"https:\/\/blog.cgcpresse.fr\/?page_id=4750\"><strong>apr\u00e8s les pr\u00e9c\u00e9dentes marches du 7 et du 11 f\u00e9vrier<\/strong><\/a><\/span>, de d\u00e9filer \u00e0 l\u2019occasion de la 5<sup>e<\/sup> journ\u00e9e nationale de la mobilisation intersyndicale. <em>\u00ab\u00a0C\u2019est une ville qui a compt\u00e9 dans notre histoire sociale<\/em>, a soulign\u00e9 Fran\u00e7ois Hommeril, pr\u00e9sident de la CFE-CGC, dans le cort\u00e8ge. <em>Y d\u00e9filer, c\u2019est aussi rendre hommage \u00e0 l\u2019impressionnante mobilisation de tous depuis la premi\u00e8re journ\u00e9e du 19 janvier dernier et ce partout dans les territoires, notamment dans les villes moyennes.\u00a0\u00bb<\/em><\/span><\/p>\n<p style=\"text-align: center;\"><span style=\"color: #1b499b;\"><strong><em>\u00ab Nous avons gagn\u00e9 la bataille de l\u2019opinion car les arguments que nous avons port\u00e9s depuis le d\u00e9but sont les arguments de v\u00e9rit\u00e9. \u00bb<\/em><\/strong><\/span><\/p>\n<p><span style=\"color: #1b499b;\">Alors que l\u2019examen en premi\u00e8re lecture du projet de loi doit s\u2019achever ce vendredi \u00e0 l\u2019Assembl\u00e9e nationale, avant de passer au S\u00e9nat \u00e0 partir de lundi, l\u2019intersyndicale a une fois encore affich\u00e9 son unit\u00e9 avec des cort\u00e8ges copieusement garnis de militants CFE-CGC \u00e0 Albi, \u00e0 Paris et dans de nombreuses villes aux quatre coins du pays.<\/span><\/p>\n<p><span style=\"color: #1b499b;\">Quelques photos des militants CFE-CGC \u00e0 Albi <span style=\"color: #00b0f0;\"><a style=\"color: #00b0f0;\" href=\"https:\/\/twitter.com\/hashtag\/R%C3%A9formeDesRetraites?src=hash&amp;ref_src=twsrc%5Etfw\">#R\u00e9formeDesRetraites<\/a><a style=\"color: #00b0f0;\" href=\"https:\/\/t.co\/XydQoULg1c\">pic.twitter.com\/XydQoULg1c<\/a>\u00a0\u00a0\u00a0 \u2014 CFE-CGC (@CFECGC) <a style=\"color: #00b0f0;\" href=\"https:\/\/twitter.com\/CFECGC\/status\/1626215151895474177?ref_src=twsrc%5Etfw\">February 16, 2023<\/a><\/span><\/span><\/p>\n<p><span style=\"color: #1b499b;\">De quoi maintenir la pression sur un ex\u00e9cutif de plus en plus accul\u00e9 et bien \u00e0 la peine pour justifier son projet de r\u00e9forme. <em>\u00ab Il est clair que nous avons gagn\u00e9 la bataille de l\u2019opinion car les arguments que nous avons port\u00e9s depuis le d\u00e9but sont les arguments de v\u00e9rit\u00e9<\/em>, met en avant Fran\u00e7ois Hommeril. <em>Cette r\u00e9forme n\u2019est pas justifi\u00e9e car les indicateurs mobilis\u00e9s sont tr\u00e8s contestables. Aujourd\u2019hui, tous les experts &#8211; \u00e9conomistes, d\u00e9mographes &#8211; nous donnent raison. Pour tout le monde d\u00e9sormais, il est \u00e9vident que le gouvernement a truqu\u00e9 son approche des choses pour faire passer une r\u00e9forme id\u00e9ologique, injustifi\u00e9e et d\u00e9finitivement injuste. \u00bb<\/em><\/span><\/p>\n<p><span style=\"color: #1b499b;\">Auditionn\u00e9 le 15 f\u00e9vrier par la Commission des affaires sociales du S\u00e9nat au nom de la CFE-CGC, G\u00e9rard Mardin\u00e9, secr\u00e9taire g\u00e9n\u00e9ral conf\u00e9d\u00e9ral, a lui aussi fustig\u00e9 la posture gouvernementale : <em>\u00ab\u00a0C\u2019est inadmissible de constater que l\u2019\u00e9tude d\u2019impact comporte aussi peu d\u2019\u00e9l\u00e9ments justificatifs \u00e0 une telle r\u00e9forme, que ce soit sur l\u2019emploi des seniors, le lien avec les arr\u00eats maladies, l\u2019esp\u00e9rance de vie, etc. Il n&rsquo;y a pas de probl\u00e8me financier et les arguments du gouvernement vis-\u00e0-vis de la population et des parlementaires sont fallacieux. Il fait de la communication alors que <\/em><a style=\"color: #1b499b;\" href=\"https:\/\/www.cadreaverti-saintsernin.fr\/actualites\/reforme-retraite-enjeux-decryptes-197.html\"><strong><em><span style=\"color: #00b0f0;\">nous avons fait de la p\u00e9dagogie<\/span><\/em><\/strong><\/a><em>.<\/em><em>\u00a0\u00bb<\/em><\/span><\/p>\n<p><span style=\"color: #1b499b;\"><strong>L\u2019intersyndicale donne rendez-vous le 7 mars<br \/>\n<\/strong>Plus que jamais, la revendication de l\u2019intersyndicale est simple, \u00e0 savoir le retrait pur et simple <a style=\"color: #1b499b;\" href=\"https:\/\/blog.cgcpresse.fr\/?page_id=4623\"><strong><span style=\"color: #00b0f0;\">d\u2019un projet de loi<\/span><\/strong><\/a> pr\u00e9voyant en particulier l\u2019allongement de 62 \u00e0 64 ans de l&rsquo;\u00e2ge l\u00e9gal de d\u00e9part \u00e0 la retraite. C\u2019est dans cette optique que la prochaine journ\u00e9e nationale de mobilisation est d\u00e9sormais programm\u00e9e le mardi 7 mars. D\u2019ici l\u00e0, la CFE-CGC compte poursuivre son travail de fond pour convaincre les parlementaires. <em>\u00ab\u00a0L\u2019unit\u00e9 syndicale peut durer encore tr\u00e8s longtemps<\/em>, <span style=\"color: #00b0f0;\"><a style=\"color: #00b0f0;\" href=\"https:\/\/www.bfmtv.com\/societe\/pour-francois-hommeril-cfe-cgc-l-unite-syndicale-peut-durer-encore-tres-longtemps_VN-202302160679.html\"><strong>indique Fran\u00e7ois Hommeril sur BFM<\/strong><\/a><\/span>. <em>Elle a d\u00e9j\u00e0 tenu beaucoup plus longtemps que les arguments gouvernementaux en faveur de sa r\u00e9forme ou que la fake news de la pension minimum \u00e0 1\u00a0200 euros.\u00a0\u00bb\u00a0<\/em><\/span><\/p>\n<p><span style=\"color: #1b499b;\">Notons enfin que <a style=\"color: #1b499b;\" href=\"https:\/\/www.change.org\/p\/retraites-non-%C3%A0-cette-r%C3%A9forme-injuste-et-brutale-reformesdesretraites\"><strong><span style=\"color: #00b0f0;\">la p\u00e9tition intersyndicale<\/span><\/strong><\/a> contre le projet gouvernemental, mise en ligne le 11 janvier dernier, a d\u00e9pass\u00e9 le million de signatures.<\/span><\/p>\n<p><span style=\"color: #5cb670;\"><strong>Mathieu Bahuet et Cecilia Escorza, le 17 f\u00e9vrier 2023.<\/strong><\/span><\/p>\n<p><a href=\"https:\/\/blog.cgcpresse.fr\/wp-content\/uploads\/2023\/01\/Citation-7.jpg\"><img loading=\"lazy\" decoding=\"async\" class=\"aligncenter size-full wp-image-4598\" src=\"https:\/\/blog.cgcpresse.fr\/wp-content\/uploads\/2023\/01\/Citation-7.jpg\" alt=\"\" width=\"1200\" height=\"670\" srcset=\"https:\/\/blog.cgcpresse.fr\/wp-content\/uploads\/2023\/01\/Citation-7.jpg 1200w, https:\/\/blog.cgcpresse.fr\/wp-content\/uploads\/2023\/01\/Citation-7-300x168.jpg 300w, https:\/\/blog.cgcpresse.fr\/wp-content\/uploads\/2023\/01\/Citation-7-1024x572.jpg 1024w, https:\/\/blog.cgcpresse.fr\/wp-content\/uploads\/2023\/01\/Citation-7-150x84.jpg 150w, https:\/\/blog.cgcpresse.fr\/wp-content\/uploads\/2023\/01\/Citation-7-768x429.jpg 768w\" sizes=\"auto, (max-width: 1200px) 100vw, 1200px\" \/><\/a><\/p>\n","protected":false},"excerpt":{"rendered":"<p>La CFE-CGC et l\u2019intersyndicale maintiennent la pression Organis\u00e9e le 16 f\u00e9vrier, avec notamment la marche symbolique des leaders syndicaux \u00e0 Albi, la 5e journ\u00e9e de mobilisation contre le projet gouvernemental a encore \u00e9t\u00e9 largement soutenue par les structures CFE-CGC. La &hellip; <a href=\"https:\/\/blog.cgcpresse.fr\/?page_id=4762\">Continue reading <span class=\"meta-nav\">&rarr;<\/span><\/a><\/p>\n","protected":false},"author":1,"featured_media":0,"parent":0,"menu_order":0,"comment_status":"closed","ping_status":"closed","template":"","meta":{"footnotes":""},"class_list":["post-4762","page","type-page","status-publish","hentry"],"_links":{"self":[{"href":"https:\/\/blog.cgcpresse.fr\/index.php?rest_route=\/wp\/v2\/pages\/4762","targetHints":{"allow":["GET"]}}],"collection":[{"href":"https:\/\/blog.cgcpresse.fr\/index.php?rest_route=\/wp\/v2\/pages"}],"about":[{"href":"https:\/\/blog.cgcpresse.fr\/index.php?rest_route=\/wp\/v2\/types\/page"}],"author":[{"embeddable":true,"href":"https:\/\/blog.cgcpresse.fr\/index.php?rest_route=\/wp\/v2\/users\/1"}],"replies":[{"embeddable":true,"href":"https:\/\/blog.cgcpresse.fr\/index.php?rest_route=%2Fwp%2Fv2%2Fcomments&post=4762"}],"version-history":[{"count":6,"href":"https:\/\/blog.cgcpresse.fr\/index.php?rest_route=\/wp\/v2\/pages\/4762\/revisions"}],"predecessor-version":[{"id":4828,"href":"https:\/\/blog.cgcpresse.fr\/index.php?rest_route=\/wp\/v2\/pages\/4762\/revisions\/4828"}],"wp:attachment":[{"href":"https:\/\/blog.cgcpresse.fr\/index.php?rest_route=%2Fwp%2Fv2%2Fmedia&parent=4762"}],"curies":[{"name":"wp","href":"https:\/\/api.w.org\/{rel}","templated":true}]}}